{"id":1704,"date":"2021-01-07T15:09:10","date_gmt":"2021-01-07T15:09:10","guid":{"rendered":"https:\/\/harmonische-mitte.com\/?page_id=1704"},"modified":"2025-08-22T17:37:07","modified_gmt":"2025-08-22T17:37:07","slug":"instrumente-2","status":"publish","type":"page","link":"https:\/\/harmonische-mitte.com\/?page_id=1704","title":{"rendered":"Klienten R\u00fcckmeldungen"},"content":{"rendered":"<p>[vc_row full_width=&#187;stretch_row_content_no_spaces&#187; css=&#187;.vc_custom_1685266374261{background-color: #ffffff !important;}&#187;][vc_column][vc_separator][vc_single_image image=&#187;1717&#8243; img_size=&#187;full&#187; alignment=&#187;center&#187;][vc_column_text]<\/p>\n<h3 style=\"text-align: center;\"><span style=\"color: #56641e;\">\u00a0<\/span><span style=\"color: #56641e;\"><b>Mit welchem Argument w\u00fcrdest du eine Klangbehandlung weiterempfehlen?<\/b><\/span><\/h3>\n<hr \/>\n<p style=\"text-align: center;\"><span style=\"color: #56641e;\"><i><span style=\"font-weight: 400;\">\u00abEine tiefgreifende, liebevolle, entspannende, vielschichtige, stressfreie Behandlung, die anstehende Themen l\u00f6sen kann.\u00bb<\/span><\/i><\/span><\/p>\n<p style=\"text-align: center;\"><span style=\"color: #56641e;\"><i><span style=\"font-weight: 400;\">\u00abGanzheitliche Therapie zur L\u00f6sung von Blockaden oder Problemen ohne dar\u00fcber reden zu m\u00fcssen.\u00bb<\/span><\/i><\/span><\/p>\n<p style=\"text-align: center;\"><span style=\"color: #56641e;\"><i><span style=\"font-weight: 400;\">\u00abKl\u00e4nge bringen \u00abins Lot zur\u00fcck\u00bb\u2026.. Ich muss nichts tun, einfach zulassen und mich \u00f6ffnen.\u00bb<\/span><\/i><\/span><\/p>\n<p style=\"text-align: center;\"><span style=\"color: #56641e;\"><i><span style=\"font-weight: 400;\">\u00abEs ist die erste Therapieform, bei der ich mich, einfach hingeben kann, ohne Zielvorgaben erf\u00fcllen zu m\u00fcssen; weil es mich zum Schweben bringt.\u00bb<\/span><\/i><\/span><\/p>\n<p style=\"text-align: center;\"><span style=\"color: #56641e;\"><i><span style=\"font-weight: 400;\">\u00abN\u00e4hrend, belebend und kl\u00e4rend f\u00fcr K\u00f6rper, Seele und Geist. Fein wirkend, nonverbales L\u00f6sen und Wirken \u2013 nachhaltig aufger\u00e4umt.\u00bb<\/span><\/i><\/span><\/p>\n<p style=\"text-align: center;\"><span style=\"color: #56641e;\"><i><span style=\"font-weight: 400;\">\u00abDer Klang r\u00e4umt auf in mir.\u00bb<\/span><\/i><\/span><\/p>\n<p style=\"text-align: center;\"><span style=\"color: #56641e;\"><i><span style=\"font-weight: 400;\">\u00abWeil ich sp\u00fcre, wie mein K\u00f6rper, mein Geist, meine Seele, meine Emotionen in Balance kommen. Wunderbar!\u00bb<\/span><\/i><\/span><\/p>\n<hr \/>\n<h3 style=\"text-align: center;\"><span style=\"color: #56641e;\"><b>Spontanaussagen nach Behandlung:<\/b><\/span><\/h3>\n<hr \/>\n<p style=\"text-align: center;\"><span style=\"color: #56641e;\"><i><span style=\"font-weight: 400;\">\u00abSeit langen wieder einmal etwas, wo es nur um mich geht.\u00bb<\/span><\/i><\/span><\/p>\n<p style=\"text-align: center;\"><span style=\"color: #56641e;\"><i><span style=\"font-weight: 400;\">\u00abDas entspannt, harmonisiert, das geht bis in die Zelle hinein, alles wird neu informiert.\u00bb<\/span><\/i><\/span><\/p>\n<p style=\"text-align: center;\"><span style=\"color: #56641e;\"><i><span style=\"font-weight: 400;\">\u00abDa ist man in einer anderen Welt.\u00bb<\/span><\/i><\/span><\/p>\n<p style=\"text-align: center;\"><span style=\"color: #56641e;\"><i><span style=\"font-weight: 400;\">\u00abUnglaublich, sowas habe ich noch nie erlebt, ich kann es gar nicht wirklich mit Worten beschreiben.\u00bb \u00a0 \u00a0 \u00a0 \u00a0 \u00a0 \u00a0 \u00a0\u00a0<\/span><\/i><\/span><\/p>\n<blockquote>\n<p style=\"text-align: center;\"><span style=\"color: #56641e;\"> Eine 88-j\u00e4hrige Frau beschreibt es so: <i><span style=\"font-weight: 400;\">&#171;In dere wunderbare Klangtherapie chamer sich losl\u00f6se vom Alltag und d\u00e4 K\u00f6rper wird\u00a0<\/span><\/i><\/span><span style=\"color: #56641e;\"><i><span style=\"font-weight: 400;\">ganz liecht und alli Verchrampfige fallid vo eim ab. I chan au wieder besser schlofe sit i die Therapie d\u00f6rf gn\u00fcsse. Ou im zw\u00fcschem\u00f6nschliche Bereich h\u00e4nd sich einige Knote ch\u00f6nne l\u00f6se.&#187;<\/span><\/i><\/span><\/p>\n<p><span style=\"color: #566400;\">28-j\u00e4hrige Frau trug eine Sportuhr w\u00e4hrend der 50. min\u00fctigen Klangbehandlung:<em> &#171;Nach der Behandlung stellte ich fest, dass sich mein Stresslevel massiv gelegt hatte und meine Body-Batterie um 10 Punkte aufgeladen wurde. Allgemein zeigte mir die Uhr eine deutliche Erholung an. In der darauffolgenden Nacht konnte ich super regenerieren und am Morgen f\u00fchlte ich mich zu 100 Prozent bereit f\u00fcr einen produktiven Tag.&#187;<\/em><\/span><\/p><\/blockquote>\n<hr \/>\n<h3 style=\"text-align: center;\"><span style=\"color: #56641e;\"><b>Aussagen von Kindern und Jugendlichen:<\/b><\/span><\/h3>\n<hr \/>\n<p style=\"text-align: center;\"><span style=\"color: #56641e;\"><span style=\"font-weight: 400;\">M\u00e4dchen 10-j\u00e4hrig:<\/span><\/span><em><span style=\"color: #56641e;\"><span style=\"font-weight: 400;\">\u00abVorher war ich lebendiger. Es hat sich angef\u00fchlt, als w\u00fcrde ich in einer Pflanzenlandschaft Barfuss laufen.\u00bb\u00a0<\/span><\/span><\/em><\/p>\n<p style=\"text-align: center;\"><span style=\"color: #56641e;\"><span style=\"font-weight: 400;\">Junge 10-j\u00e4hrig nach 3 Behandlungen:<\/span><\/span><em><span style=\"color: #56641e;\"><span style=\"font-weight: 400;\">\u00abMein K\u00f6rper ist leichter geworden.\u00bb\u00a0<\/span><\/span><\/em><\/p>\n<p style=\"text-align: center;\"><span style=\"color: #56641e;\"><span style=\"font-weight: 400;\">M\u00e4dchen 7-j\u00e4hrig nach 5 Behandlungen: <\/span><\/span><em><span style=\"color: #56641e;\"><span style=\"font-weight: 400;\">\u00abSchade ist es fertig<\/span><span style=\"font-weight: 400;\">\u00bb <\/span><\/span><\/em><span style=\"color: #56641e;\"><span style=\"font-weight: 400;\">Frage: &#171;<\/span><\/span><em><span style=\"color: #56641e;\"><span style=\"font-weight: 400;\">m\u00f6chtest du noch mehr Behandlungen? <\/span><span style=\"font-weight: 400;\">\u00abJa, 10 noch mal!\u00bb\u00a0<\/span><\/span><\/em><\/p>\n<p style=\"text-align: center;\"><span style=\"color: #56641e;\"><span style=\"font-weight: 400;\">M\u00e4dchen 8-j\u00e4hrig, 3 Klangbehandlungen innerhalb von vier Wochen, Motivationsgrund: Unruhe, emotionale Entladungen.\u00a0<\/span><span style=\"font-weight: 400;\">Nach den 3 Klangbehandlungen, Frage an das M\u00e4dchen:<\/span><\/span> <em><span style=\"color: #56641e;\"><span style=\"font-weight: 400;\">&#171;Hat sich bei dir durch die Klangbehandlungen etwas ver\u00e4ndert?&#187;<\/span><\/span><\/em><span style=\"color: #56641e;\"><span style=\"font-weight: 400;\">\u00a0<\/span><\/span><em><span style=\"color: #56641e;\">Antwort:<\/span><\/em><em><span style=\"color: #56641e;\"><span style=\"font-weight: 400;\"> &#171;Ja, die Gef\u00fchle k\u00f6nnen jetzt raus, vorher waren sie eingesperrt.&#187;<br \/>\n<\/span><\/span><\/em><span style=\"color: #56641e;\">Feedback der Mutter: <\/span><em><span style=\"color: #56641e;\"><span style=\"font-weight: 400;\">&#171;Sie ist sehr ausgeglichen und bodenst\u00e4ndig. Vor der Therapie hat sie schnell geweint und war aufgebracht. Das habe ich seit dem letzten Mal nicht mehr erlebt. Sie kann jetzt auch gewisse Sachen \u00e4ussern, beschreiben, was sie vorher nicht konnte. Es hat ihr sehr gut getan. Vielen Dank!&#187;<\/span><\/span><\/em><\/p>\n<p><span style=\"color: #506400;\">14-j\u00e4hriger Junge nach drei Klangbehandlungen:<em> &#171;Interessant&#8230;.es ist schwierig zu beschreiben&#8230;es war, wie wenn meine Seele in den K\u00f6rper gedr\u00fcckt wurde.&#187;<\/em><\/span><\/p>\n<p>&nbsp;<\/p>\n<p>&nbsp;<\/p>\n<p>&nbsp;<\/p>\n<hr \/>\n<p>[\/vc_column_text][vc_single_image image=&#187;1466&#8243; img_size=&#187;full&#187; alignment=&#187;center&#187;][\/vc_column][\/vc_row][vc_row full_width=&#187;stretch_row_content&#187; css=&#187;.vc_custom_1685267219696{background-color: #ffffff !important;}&#187;][vc_column width=&#187;1\/2&#8243; css=&#187;.vc_custom_1579439414445{background-color: #ffffff !important;}&#187;]<div class=\"heading black text-center \"><div class=\"heading-title\">Fragen oder Anregungen?<\/div><h2>Nutzen Sie gerne das Kontaktformular<\/h2><\/div>\n<div class=\"wpcf7 no-js\" id=\"wpcf7-f11-o1\" lang=\"en\" dir=\"ltr\" data-wpcf7-id=\"11\">\n<div class=\"screen-reader-response\"><p role=\"status\" aria-live=\"polite\" aria-atomic=\"true\"><\/p> <ul><\/ul><\/div>\n<form action=\"\/index.php?rest_route=%2Fwp%2Fv2%2Fpages%2F1704#wpcf7-f11-o1\" method=\"post\" class=\"wpcf7-form init\" aria-label=\"Contact form\" novalidate=\"novalidate\" data-status=\"init\">\n<fieldset class=\"hidden-fields-container\"><input type=\"hidden\" name=\"_wpcf7\" value=\"11\" \/><input type=\"hidden\" name=\"_wpcf7_version\" value=\"6.1.5\" \/><input type=\"hidden\" name=\"_wpcf7_locale\" value=\"en\" \/><input type=\"hidden\" name=\"_wpcf7_unit_tag\" value=\"wpcf7-f11-o1\" \/><input type=\"hidden\" name=\"_wpcf7_container_post\" value=\"0\" \/><input type=\"hidden\" name=\"_wpcf7_posted_data_hash\" value=\"\" \/>\n<\/fieldset>\n<p><label> Ihr Name (erforderlich)<br \/>\n<span class=\"wpcf7-form-control-wrap\" data-name=\"your-name\"><input size=\"40\" maxlength=\"400\" class=\"wpcf7-form-control wpcf7-text wpcf7-validates-as-required\" aria-required=\"true\" aria-invalid=\"false\" value=\"\" type=\"text\" name=\"your-name\" \/><\/span> <\/label>\n<\/p>\n<p><label> Ihre E-Mail (erforderlich)<br \/>\n<span class=\"wpcf7-form-control-wrap\" data-name=\"your-email\"><input size=\"40\" maxlength=\"400\" class=\"wpcf7-form-control wpcf7-email wpcf7-validates-as-required wpcf7-text wpcf7-validates-as-email\" aria-required=\"true\" aria-invalid=\"false\" value=\"\" type=\"email\" name=\"your-email\" \/><\/span> <\/label>\n<\/p>\n<p><label> Betreff (erforderlich)<br \/>\n<span class=\"wpcf7-form-control-wrap\" data-name=\"your-subject\"><input size=\"40\" maxlength=\"400\" class=\"wpcf7-form-control wpcf7-text\" aria-invalid=\"false\" value=\"\" type=\"text\" name=\"your-subject\" \/><\/span> <\/label>\n<\/p>\n<p><label> Ihre Nachricht<br \/>\n<span class=\"wpcf7-form-control-wrap\" data-name=\"your-message\"><textarea cols=\"40\" rows=\"10\" maxlength=\"2000\" class=\"wpcf7-form-control wpcf7-textarea\" aria-invalid=\"false\" name=\"your-message\"><\/textarea><\/span> <\/label>\n<\/p>\n<p><input class=\"wpcf7-form-control wpcf7-submit has-spinner\" type=\"submit\" value=\"Senden\" \/>\n<\/p><input type='hidden' class='wpcf7-pum' value='{\"closepopup\":false,\"closedelay\":0,\"openpopup\":false,\"openpopup_id\":0}' \/><div class=\"wpcf7-response-output\" aria-hidden=\"true\"><\/div>\n<\/form>\n<\/div>\n[\/vc_column][vc_column width=&#187;1\/2&#8243; css=&#187;.vc_custom_1579439402433{background-color: #ffffff !important;}&#187;]<div class=\"heading black text-center \"><div class=\"heading-title\">zwischen Z\u00fcrich und Zug<\/div><h2>Hier finden Sie zur harmonischen Mitte<\/h2><\/div>[vc_gmaps link=&#187;#E-8_JTNDaWZyYW1lJTIwc3JjJTNEJTIyaHR0cHMlM0ElMkYlMkZ3d3cuZ29vZ2xlLmNvbSUyRm1hcHMlMkZlbWJlZCUzRnBiJTNEJTIxMW0xOCUyMTFtMTIlMjExbTMlMjExZDI3MDguNTU4NjUxMjY0NTg1JTIxMmQ4LjUyOTAwMjYxNTMyNzE4NyUyMTNkNDcuMjQ0Nzc4Mjc5MTYyMzI1JTIxMm0zJTIxMWYwJTIxMmYwJTIxM2YwJTIxM20yJTIxMWkxMDI0JTIxMmk3NjglMjE0ZjEzLjElMjEzbTMlMjExbTIlMjExczB4NDc5YWE5YjQyY2ZmZmNhZiUyNTNBMHg4YjYwM2Y5ODY3YjUxODE3JTIxMnNSaWZmZXJzd2lsZXJzdHJhc3NlJTI1MjAxMCUyNTJDJTI1MjA4OTE1JTI1MjBIYXVzZW4lMjUyMGFtJTI1MjBBbGJpcyUyMTVlMCUyMTNtMiUyMTFzZGUlMjEyc2NoJTIxNHYxNTc5NDM5MDg4ODQ1JTIxNW0yJTIxMXNkZSUyMTJzY2glMjIlMjB3aWR0aCUzRCUyMjYwMCUyMiUyMGhlaWdodCUzRCUyMjQ1MCUyMiUyMGZyYW1lYm9yZGVyJTNEJTIyMCUyMiUyMHN0eWxlJTNEJTIyYm9yZGVyJTNBMCUzQiUyMiUyMGFsbG93ZnVsbHNjcmVlbiUzRCUyMiUyMiUzRSUzQyUyRmlmcmFtZSUzRQ==&#187;][\/vc_column][\/vc_row]<\/p>\n","protected":false},"excerpt":{"rendered":"<p>[vc_row full_width=&#187;stretch_row_content_no_spaces&#187; css=&#187;.vc_custom_1685266374261{background-color: #ffffff !important;}&#187;][vc_column][vc_separator][vc_single_image image=&#187;1717&#8243; img_size=&#187;full&#187; alignment=&#187;center&#187;][vc_column_text] \u00a0Mit welchem Argument w\u00fcrdest du eine Klangbehandlung weiterempfehlen? \u00abEine tiefgreifende, liebevolle, entspannende, vielschichtige, stressfreie Behandlung, die anstehende Themen l\u00f6sen kann.\u00bb \u00abGanzheitliche Therapie zur L\u00f6sung von Blockaden oder Problemen ohne dar\u00fcber reden zu m\u00fcssen.\u00bb \u00abKl\u00e4nge bringen \u00abins Lot zur\u00fcck\u00bb\u2026.. Ich muss nichts tun, einfach zulassen und mich \u00f6ffnen.\u00bb [&hellip;]<\/p>\n","protected":false},"author":1,"featured_media":0,"parent":0,"menu_order":0,"comment_status":"closed","ping_status":"closed","template":"custom-page.php","meta":{"footnotes":""},"class_list":["post-1704","page","type-page","status-publish","hentry"],"_links":{"self":[{"href":"https:\/\/harmonische-mitte.com\/index.php?rest_route=\/wp\/v2\/pages\/1704","targetHints":{"allow":["GET"]}}],"collection":[{"href":"https:\/\/harmonische-mitte.com\/index.php?rest_route=\/wp\/v2\/pages"}],"about":[{"href":"https:\/\/harmonische-mitte.com\/index.php?rest_route=\/wp\/v2\/types\/page"}],"author":[{"embeddable":true,"href":"https:\/\/harmonische-mitte.com\/index.php?rest_route=\/wp\/v2\/users\/1"}],"replies":[{"embeddable":true,"href":"https:\/\/harmonische-mitte.com\/index.php?rest_route=%2Fwp%2Fv2%2Fcomments&post=1704"}],"version-history":[{"count":27,"href":"https:\/\/harmonische-mitte.com\/index.php?rest_route=\/wp\/v2\/pages\/1704\/revisions"}],"predecessor-version":[{"id":2354,"href":"https:\/\/harmonische-mitte.com\/index.php?rest_route=\/wp\/v2\/pages\/1704\/revisions\/2354"}],"wp:attachment":[{"href":"https:\/\/harmonische-mitte.com\/index.php?rest_route=%2Fwp%2Fv2%2Fmedia&parent=1704"}],"curies":[{"name":"wp","href":"https:\/\/api.w.org\/{rel}","templated":true}]}}